{"id":10561,"date":"2021-10-01T15:47:49","date_gmt":"2021-10-01T13:47:49","guid":{"rendered":"https:\/\/vb-realestate.com\/?page_id=10561"},"modified":"2021-11-21T23:10:43","modified_gmt":"2021-11-21T22:10:43","slug":"impostos-e-taxas","status":"publish","type":"page","link":"https:\/\/www.vb-realestate.com\/pt-pt\/impostos-e-taxas\/","title":{"rendered":"Impostos e Taxas"},"content":{"rendered":"\t\t<div data-elementor-type=\"wp-page\" data-elementor-id=\"10561\" class=\"elementor elementor-10561 elementor-9951\" data-elementor-post-type=\"page\">\n\t\t\t\t\t\t<section class=\"elementor-section elementor-top-section elementor-element elementor-element-2b4e72f elementor-section-boxed elementor-section-height-default elementor-section-height-default\" data-id=\"2b4e72f\" data-element_type=\"section\" data-e-type=\"section\">\n\t\t\t\t\t\t<div class=\"elementor-container elementor-column-gap-default\">\n\t\t\t\t\t<div class=\"elementor-column elementor-col-100 elementor-top-column elementor-element elementor-element-16940e0\" data-id=\"16940e0\" data-element_type=\"column\" data-e-type=\"column\">\n\t\t\t<div class=\"elementor-widget-wrap elementor-element-populated\">\n\t\t\t\t\t\t<div class=\"elementor-element elementor-element-9a11a46 elementor-widget elementor-widget-text-editor\" data-id=\"9a11a46\" data-element_type=\"widget\" data-e-type=\"widget\" data-widget_type=\"text-editor.default\">\n\t\t\t\t<div class=\"elementor-widget-container\">\n\t\t\t\t\t\t\t\t\t<p>Seja para estrangeiros que desejam estabelecer-se e viver em Portugal, ou para emigrantes portugueses que desejam regressar ao seu pa\u00eds de origem, existe um regime especial de Imposto sobre o Rendimento das Pessoas Singulares (IRS) que oferece v\u00e1rias oportunidades fiscais para os rendimentos passivos, pensionistas e pessoas em profiss\u00f5es de elevado valor acrescentado.<\/p><p>Se n\u00e3o tiver sido residente fiscal em Portugal nos \u00faltimos 5 anos e desejar tornar-se residente fiscal, pode aderir ao regime de residente n\u00e3o Habitual (NHR) que lhe oferece as vantagens detalhadas abaixo.<\/p>\t\t\t\t\t\t\t\t<\/div>\n\t\t\t\t<\/div>\n\t\t\t\t<div class=\"elementor-element elementor-element-5bf1794 elementor-widget elementor-widget-gallery\" data-id=\"5bf1794\" data-element_type=\"widget\" data-e-type=\"widget\" data-settings=\"{&quot;lazyload&quot;:&quot;yes&quot;,&quot;gallery_layout&quot;:&quot;grid&quot;,&quot;columns&quot;:4,&quot;columns_tablet&quot;:2,&quot;columns_mobile&quot;:1,&quot;gap&quot;:{&quot;unit&quot;:&quot;px&quot;,&quot;size&quot;:10,&quot;sizes&quot;:[]},&quot;gap_tablet&quot;:{&quot;unit&quot;:&quot;px&quot;,&quot;size&quot;:10,&quot;sizes&quot;:[]},&quot;gap_mobile&quot;:{&quot;unit&quot;:&quot;px&quot;,&quot;size&quot;:10,&quot;sizes&quot;:[]},&quot;link_to&quot;:&quot;file&quot;,&quot;aspect_ratio&quot;:&quot;3:2&quot;,&quot;overlay_background&quot;:&quot;yes&quot;,&quot;content_hover_animation&quot;:&quot;fade-in&quot;}\" data-widget_type=\"gallery.default\">\n\t\t\t\t<div class=\"elementor-widget-container\">\n\t\t\t\t\t\t\t<div class=\"elementor-gallery__container\">\n\t\t\t\t\t\t\t<a class=\"e-gallery-item elementor-gallery-item elementor-animated-content\" href=\"https:\/\/www.vb-realestate.com\/wp-content\/uploads\/2021\/07\/AdobeStock_249625618-scaled.jpeg\" data-elementor-open-lightbox=\"yes\" data-elementor-lightbox-slideshow=\"5bf1794\" data-elementor-lightbox-title=\"Vista do Pal\u00e1cio da Pena em Sintra Portugal\" data-e-action-hash=\"#elementor-action%3Aaction%3Dlightbox%26settings%3DeyJpZCI6ODkxMiwidXJsIjoiaHR0cHM6XC9cL3d3dy52Yi1yZWFsZXN0YXRlLmNvbVwvd3AtY29udGVudFwvdXBsb2Fkc1wvMjAyMVwvMDdcL0Fkb2JlU3RvY2tfMjQ5NjI1NjE4LXNjYWxlZC5qcGVnIiwic2xpZGVzaG93IjoiNWJmMTc5NCJ9\">\n\t\t\t\t\t<div class=\"e-gallery-image elementor-gallery-item__image\" data-thumbnail=\"https:\/\/www.vb-realestate.com\/wp-content\/uploads\/2021\/07\/AdobeStock_249625618-350x197.jpeg\" data-width=\"350\" data-height=\"197\" aria-label=\"\" role=\"img\" ><\/div>\n\t\t\t\t\t\t\t\t\t\t\t<div class=\"elementor-gallery-item__overlay\"><\/div>\n\t\t\t\t\t\t\t\t\t\t\t\t\t\t<\/a>\n\t\t\t\t\t\t\t<a class=\"e-gallery-item elementor-gallery-item elementor-animated-content\" href=\"https:\/\/www.vb-realestate.com\/wp-content\/uploads\/2021\/07\/AdobeStock_74119383-scaled.jpeg\" data-elementor-open-lightbox=\"yes\" data-elementor-lightbox-slideshow=\"5bf1794\" data-elementor-lightbox-title=\"nazare\" data-e-action-hash=\"#elementor-action%3Aaction%3Dlightbox%26settings%3DeyJpZCI6ODkwMCwidXJsIjoiaHR0cHM6XC9cL3d3dy52Yi1yZWFsZXN0YXRlLmNvbVwvd3AtY29udGVudFwvdXBsb2Fkc1wvMjAyMVwvMDdcL0Fkb2JlU3RvY2tfNzQxMTkzODMtc2NhbGVkLmpwZWciLCJzbGlkZXNob3ciOiI1YmYxNzk0In0%3D\">\n\t\t\t\t\t<div class=\"e-gallery-image elementor-gallery-item__image\" data-thumbnail=\"https:\/\/www.vb-realestate.com\/wp-content\/uploads\/2021\/07\/AdobeStock_74119383-350x234.jpeg\" data-width=\"350\" data-height=\"234\" aria-label=\"\" role=\"img\" ><\/div>\n\t\t\t\t\t\t\t\t\t\t\t<div class=\"elementor-gallery-item__overlay\"><\/div>\n\t\t\t\t\t\t\t\t\t\t\t\t\t\t<\/a>\n\t\t\t\t\t\t\t<a class=\"e-gallery-item elementor-gallery-item elementor-animated-content\" href=\"https:\/\/www.vb-realestate.com\/wp-content\/uploads\/2021\/07\/AdobeStock_141610822-scaled-e1625655366678.jpeg\" data-elementor-open-lightbox=\"yes\" data-elementor-lightbox-slideshow=\"5bf1794\" data-elementor-lightbox-title=\"Fort in Berlenga island - Portugal\" data-e-action-hash=\"#elementor-action%3Aaction%3Dlightbox%26settings%3DeyJpZCI6ODkwMywidXJsIjoiaHR0cHM6XC9cL3d3dy52Yi1yZWFsZXN0YXRlLmNvbVwvd3AtY29udGVudFwvdXBsb2Fkc1wvMjAyMVwvMDdcL0Fkb2JlU3RvY2tfMTQxNjEwODIyLXNjYWxlZC1lMTYyNTY1NTM2NjY3OC5qcGVnIiwic2xpZGVzaG93IjoiNWJmMTc5NCJ9\">\n\t\t\t\t\t<div class=\"e-gallery-image elementor-gallery-item__image\" data-thumbnail=\"https:\/\/www.vb-realestate.com\/wp-content\/uploads\/2021\/07\/AdobeStock_141610822-350x233.jpeg\" data-width=\"350\" data-height=\"233\" aria-label=\"\" role=\"img\" ><\/div>\n\t\t\t\t\t\t\t\t\t\t\t<div class=\"elementor-gallery-item__overlay\"><\/div>\n\t\t\t\t\t\t\t\t\t\t\t\t\t\t<\/a>\n\t\t\t\t\t\t\t<a class=\"e-gallery-item elementor-gallery-item elementor-animated-content\" href=\"https:\/\/www.vb-realestate.com\/wp-content\/uploads\/2021\/09\/AdobeStock_230497370-2.jpeg\" data-elementor-open-lightbox=\"yes\" data-elementor-lightbox-slideshow=\"5bf1794\" data-elementor-lightbox-title=\"Praia de Benagil\" data-e-action-hash=\"#elementor-action%3Aaction%3Dlightbox%26settings%3DeyJpZCI6OTc5NSwidXJsIjoiaHR0cHM6XC9cL3d3dy52Yi1yZWFsZXN0YXRlLmNvbVwvd3AtY29udGVudFwvdXBsb2Fkc1wvMjAyMVwvMDlcL0Fkb2JlU3RvY2tfMjMwNDk3MzcwLTIuanBlZyIsInNsaWRlc2hvdyI6IjViZjE3OTQifQ%3D%3D\">\n\t\t\t\t\t<div class=\"e-gallery-image elementor-gallery-item__image\" data-thumbnail=\"https:\/\/www.vb-realestate.com\/wp-content\/uploads\/2021\/09\/AdobeStock_230497370-2.jpeg\" data-width=\"1\" data-height=\"1\" aria-label=\"\" role=\"img\" ><\/div>\n\t\t\t\t\t\t\t\t\t\t\t<div class=\"elementor-gallery-item__overlay\"><\/div>\n\t\t\t\t\t\t\t\t\t\t\t\t\t\t<\/a>\n\t\t\t\t\t<\/div>\n\t\t\t\t\t<\/div>\n\t\t\t\t<\/div>\n\t\t\t\t\t<\/div>\n\t\t<\/div>\n\t\t\t\t\t<\/div>\n\t\t<\/section>\n\t\t\t\t<section class=\"elementor-section elementor-top-section elementor-element elementor-element-06b935d elementor-section-boxed elementor-section-height-default elementor-section-height-default\" data-id=\"06b935d\" data-element_type=\"section\" data-e-type=\"section\">\n\t\t\t\t\t\t<div class=\"elementor-container elementor-column-gap-default\">\n\t\t\t\t\t<div class=\"elementor-column elementor-col-100 elementor-top-column elementor-element elementor-element-4e37739\" data-id=\"4e37739\" data-element_type=\"column\" data-e-type=\"column\">\n\t\t\t<div class=\"elementor-widget-wrap elementor-element-populated\">\n\t\t\t\t\t\t<div class=\"elementor-element elementor-element-c24cba9 elementor-widget elementor-widget-text-editor\" data-id=\"c24cba9\" data-element_type=\"widget\" data-e-type=\"widget\" data-widget_type=\"text-editor.default\">\n\t\t\t\t<div class=\"elementor-widget-container\">\n\t\t\t\t\t\t\t\t\t<h2>Benef\u00edcios fiscais :<\/h2><ul><li>Taxa fixa de 20% para os rendimentos do trabalho assalariado (categoria A) e do trabalho independente (categoria B) auferidos em Portugal a partir de actividades de elevado valor acrescentado.<\/li><li>Os rendimentos do trabalho obtidos fora de Portugal n\u00e3o s\u00e3o tribut\u00e1veis em Portugal se forem tributados no pa\u00eds de origem.<\/li><li>Os rendimentos do trabalho por conta pr\u00f3pria auferidos fora de Portugal provenientes de uma actividade de elevado valor acrescentado n\u00e3o s\u00e3o tribut\u00e1veis em Portugal, desde que os rendimentos possam ser tributados no pa\u00eds de origem ao abrigo de uma conven\u00e7\u00e3o fiscal assinada entre Portugal e o respectivo pa\u00eds.<\/li><li>0% de imposto sobre juros, dividendos e royalties obtidos fora de Portugal, e se forem tributados nos pa\u00edses de origem, a respectiva tributa\u00e7\u00e3o n\u00e3o exceder\u00e1 as taxas reduzidas estabelecidas nos tratados fiscais assinados entre Portugal e os respectivos pa\u00edses, as quais variam entre 5% e 15%.<\/li><li>Pens\u00f5es estrangeiras sujeitas a uma taxa fixa de 10%.<\/li><li>O regime fiscal \u00e9 concedido por um per\u00edodo de 10 anos com a possibilidade de suspens\u00e3o e recome\u00e7o do regime.<\/li><\/ul>\t\t\t\t\t\t\t\t<\/div>\n\t\t\t\t<\/div>\n\t\t\t\t\t<\/div>\n\t\t<\/div>\n\t\t\t\t\t<\/div>\n\t\t<\/section>\n\t\t\t\t<section class=\"elementor-section elementor-top-section elementor-element elementor-element-4de5fec elementor-section-boxed elementor-section-height-default elementor-section-height-default\" data-id=\"4de5fec\" data-element_type=\"section\" data-e-type=\"section\">\n\t\t\t\t\t\t<div class=\"elementor-container elementor-column-gap-default\">\n\t\t\t\t\t<div class=\"elementor-column elementor-col-100 elementor-top-column elementor-element elementor-element-4b89171\" data-id=\"4b89171\" data-element_type=\"column\" data-e-type=\"column\">\n\t\t\t<div class=\"elementor-widget-wrap elementor-element-populated\">\n\t\t\t\t\t\t<div class=\"elementor-element elementor-element-9f68db3 elementor-widget elementor-widget-text-editor\" data-id=\"9f68db3\" data-element_type=\"widget\" data-e-type=\"widget\" data-widget_type=\"text-editor.default\">\n\t\t\t\t<div class=\"elementor-widget-container\">\n\t\t\t\t\t\t\t\t\t<h2>Outros benef\u00edcios fiscais :<\/h2><ul><li>Em Portugal, n\u00e3o h\u00e1 imposto sobre a riqueza. No entanto, tem de pagar o AIMI (imposto adicional sobre bens im\u00f3veis). O montante deste imposto situa-se entre 0,4% e 0,7% do valor de todos os bens im\u00f3veis para uso residencial ou terrenos para constru\u00e7\u00e3o, pertencentes a particulares ou empresas, com um valor superior a 600.000 euros.<\/li><li>As doa\u00e7\u00f5es e heran\u00e7as s\u00e3o completamente isentas de impostos entre ascendentes, descendentes e c\u00f4njuges. Para outros benefici\u00e1rios, aplica-se uma taxa de imposto de selo de 10%.<\/li><li>A venda de bens estrangeiros n\u00e3o est\u00e1 sujeita ao imposto de selo.<\/li><li>Isen\u00e7\u00e3o do imposto sobre mais-valias na venda da pr\u00f3pria resid\u00eancia permanente, desde que os rendimentos sejam reinvestidos noutra resid\u00eancia permanente em Portugal, na Uni\u00e3o Europeia ou no Espa\u00e7o Econ\u00f3mico Europeu.<\/li><li>Isen\u00e7\u00e3o de impostos sobre rendimentos ou ganhos derivados de moedas criptogr\u00e1ficas.<\/li><li>Isen\u00e7\u00e3o fiscal sobre mais-valias realizadas na venda de bens em segunda m\u00e3o valiosos: obras de arte, autom\u00f3veis e outros bens coleccion\u00e1veis.<\/li><\/ul>\t\t\t\t\t\t\t\t<\/div>\n\t\t\t\t<\/div>\n\t\t\t\t\t<\/div>\n\t\t<\/div>\n\t\t\t\t\t<\/div>\n\t\t<\/section>\n\t\t\t\t<section class=\"elementor-section elementor-top-section elementor-element elementor-element-56c6672 elementor-section-boxed elementor-section-height-default elementor-section-height-default\" data-id=\"56c6672\" data-element_type=\"section\" data-e-type=\"section\">\n\t\t\t\t\t\t<div class=\"elementor-container elementor-column-gap-default\">\n\t\t\t\t\t<div class=\"elementor-column elementor-col-100 elementor-top-column elementor-element elementor-element-020dc3a\" data-id=\"020dc3a\" data-element_type=\"column\" data-e-type=\"column\">\n\t\t\t<div class=\"elementor-widget-wrap elementor-element-populated\">\n\t\t\t\t\t\t<div class=\"elementor-element elementor-element-1ad7c69 elementor-widget elementor-widget-text-editor\" data-id=\"1ad7c69\" data-element_type=\"widget\" data-e-type=\"widget\" data-widget_type=\"text-editor.default\">\n\t\t\t\t<div class=\"elementor-widget-container\">\n\t\t\t\t\t\t\t\t\t<h2>Quem pode candidatar-se ao estatuto de Residente N\u00e3o Habitual?<\/h2><ul><li>Indiv\u00edduos, estrangeiros ou portugueses, que n\u00e3o tenham residido em Portugal para fins fiscais nos \u00faltimos 5 anos.<\/li><li>Indiv\u00edduos que s\u00e3o considerados residentes para efeitos fiscais em Portugal no ano em que desejam candidatar-se ao estatuto de RNR. Para efeitos fiscais, s\u00e3o considerados residentes em Portugal :<\/li><\/ul><p>&#8211; um indiv\u00edduo que tenha permanecido em territ\u00f3rio portugu\u00eas durante mais de 183 dias; ou<\/p><p>&#8211; tendo permanecido por um per\u00edodo de tempo mais curto, a 31 de Dezembro desse ano, t\u00eam uma casa em territ\u00f3rio portugu\u00eas em condi\u00e7\u00f5es que sugerem a inten\u00e7\u00e3o de a manter e ocupar como sua resid\u00eancia habitual.<\/p><p>VB REAL ESTATE ir\u00e1 ajud\u00e1-lo em todos os procedimentos administrativos necess\u00e1rios para a obten\u00e7\u00e3o do estatuto de RNH (residente n\u00e3o habitual).<\/p>\t\t\t\t\t\t\t\t<\/div>\n\t\t\t\t<\/div>\n\t\t\t\t\t<\/div>\n\t\t<\/div>\n\t\t\t\t\t<\/div>\n\t\t<\/section>\n\t\t\t\t<\/div>\n\t\t","protected":false},"excerpt":{"rendered":"<p>Seja para estrangeiros que desejam estabelecer-se e viver em Portugal, ou para emigrantes portugueses que desejam regressar ao seu pa\u00eds de origem, existe um regime especial de Imposto sobre o Rendimento das Pessoas Singulares (IRS) que oferece v\u00e1rias oportunidades fiscais para os rendimentos passivos, pensionistas e pessoas em profiss\u00f5es de elevado valor acrescentado. Se n\u00e3o&#8230;<\/p>\n","protected":false},"author":1,"featured_media":0,"parent":0,"menu_order":0,"comment_status":"closed","ping_status":"closed","template":"","meta":{"om_disable_all_campaigns":false,"_uag_custom_page_level_css":"","_joinchat":[],"footnotes":""},"class_list":["post-10561","page","type-page","status-publish","hentry"],"aioseo_notices":[],"uagb_featured_image_src":{"full":false,"thumbnail":false,"medium":false,"medium_large":false,"large":false,"1536x1536":false,"2048x2048":false,"post-thumbnail":false,"modern-property-child-slider":false,"property-thumb-image":false,"property-detail-video-image":false,"agent-image":false,"partners-logo":false,"post-featured-image":false},"uagb_author_info":{"display_name":"admin2969","author_link":"https:\/\/www.vb-realestate.com\/pt-pt\/author\/admin2969\/"},"uagb_comment_info":0,"uagb_excerpt":"Seja para estrangeiros que desejam estabelecer-se e viver em Portugal, ou para emigrantes portugueses que desejam regressar ao seu pa\u00eds de origem, existe um regime especial de Imposto sobre o Rendimento das Pessoas Singulares (IRS) que oferece v\u00e1rias oportunidades fiscais para os rendimentos passivos, pensionistas e pessoas em profiss\u00f5es de elevado valor acrescentado. Se n\u00e3o...","jetpack_sharing_enabled":true,"_links":{"self":[{"href":"https:\/\/www.vb-realestate.com\/pt-pt\/wp-json\/wp\/v2\/pages\/10561","targetHints":{"allow":["GET"]}}],"collection":[{"href":"https:\/\/www.vb-realestate.com\/pt-pt\/wp-json\/wp\/v2\/pages"}],"about":[{"href":"https:\/\/www.vb-realestate.com\/pt-pt\/wp-json\/wp\/v2\/types\/page"}],"author":[{"embeddable":true,"href":"https:\/\/www.vb-realestate.com\/pt-pt\/wp-json\/wp\/v2\/users\/1"}],"replies":[{"embeddable":true,"href":"https:\/\/www.vb-realestate.com\/pt-pt\/wp-json\/wp\/v2\/comments?post=10561"}],"version-history":[{"count":0,"href":"https:\/\/www.vb-realestate.com\/pt-pt\/wp-json\/wp\/v2\/pages\/10561\/revisions"}],"wp:attachment":[{"href":"https:\/\/www.vb-realestate.com\/pt-pt\/wp-json\/wp\/v2\/media?parent=10561"}],"curies":[{"name":"wp","href":"https:\/\/api.w.org\/{rel}","templated":true}]}}